{"id":133,"date":"2025-01-22T19:46:47","date_gmt":"2025-01-22T18:46:47","guid":{"rendered":"https:\/\/sites.unica.it\/spoke9\/home-english\/"},"modified":"2025-06-18T12:07:56","modified_gmt":"2025-06-18T10:07:56","slug":"home-english","status":"publish","type":"page","link":"https:\/\/sites.unica.it\/spoke9\/en\/home-english\/","title":{"rendered":"Home"},"content":{"rendered":"\n<p>\ud83c\udf3f <strong>Welcome to Spoke 9 \u2013 Environmental Protection and Valorization<\/strong> \ud83c\udf0d<\/p>\n\n\n\n<p>Spoke 9 is a cutting-edge research and innovation project focused on building a sustainable future for Sardinia. We are dedicated to protecting our extraordinary environmental heritage and turning global challenges, such as climate change, into opportunities for growth and regeneration.<\/p>\n\n\n\n<p>Through state-of-the-art technologies and sustainable solutions, we address critical areas such as:<\/p>\n\n\n\n<ul class=\"wp-block-list\">\n<li>\ud83c\udf0a <strong>Preservation of wetlands<\/strong>, essential ecosystems for biodiversity and climate resilience.<\/li>\n\n\n\n<li>\ud83d\udc1f <strong>Innovation in aquaculture<\/strong> for greener and more responsible production.<\/li>\n\n\n\n<li>\ud83c\udfde\ufe0f <strong>Rehabilitation of mining sites<\/strong> using sustainable technologies, transforming them into valuable community resources.<\/li>\n\n\n\n<li>\u267b\ufe0f <strong>Circular economy<\/strong>, which converts waste into new products and energy.<\/li>\n\n\n\n<li>\ud83c\udfdd\ufe0f <strong>Coastal protection<\/strong>, safeguarding one of our most renowned environmental treasures.<\/li>\n<\/ul>\n\n\n\n<p>We are a team of scientists, researchers, and professionals united by a shared passion for the environment. Supported by the PNRR and the European Union \u2013 NextGenerationEU, we are on a mission to create a sustainable development model that enhances Sardinia\u2019s territory and inspires global change.<\/p>\n\n\n\n<p>\u2728 Explore our world and discover how we are shaping the future, one project at a time.<\/p>\n\n\n\n<hr class=\"wp-block-separator has-alpha-channel-opacity\" \/>\n\n\n\n<p class=\"has-text-align-center\"><strong>Latest News!<\/strong><\/p>\n\n\n<ul class=\"wp-block-latest-posts__list is-grid columns-3 wp-block-latest-posts\"><li><div class=\"wp-block-latest-posts__featured-image aligncenter\"><img loading=\"lazy\" decoding=\"async\" width=\"150\" height=\"150\" src=\"https:\/\/sites.unica.it\/spoke9\/files\/2026\/02\/DSCF3062-150x150.jpg\" class=\"attachment-thumbnail size-thumbnail wp-post-image\" alt=\"\" style=\"\" \/><\/div><a class=\"wp-block-latest-posts__post-title\" href=\"https:\/\/sites.unica.it\/spoke9\/2026\/02\/13\/boess-entra-in-funzione\/\">BOESS entra in funzione!<\/a><div class=\"wp-block-latest-posts__post-excerpt\">La rete di Boe Osservative degli Ecosistemi e degli Stagni Sardi (BOESS) \u00e8 entrata in funzione e sta gi\u00e0 registrando i dati in tempo reale sulle condizioni degli stagni e degli ambienti lagunari della Sardegna. L&#8217;impianto [&hellip;]<\/div><\/li>\n<li><div class=\"wp-block-latest-posts__featured-image aligncenter\"><img loading=\"lazy\" decoding=\"async\" width=\"150\" height=\"150\" src=\"https:\/\/sites.unica.it\/spoke9\/files\/2026\/01\/Economia-circolare-FESR-150x150.png\" class=\"attachment-thumbnail size-thumbnail wp-post-image\" alt=\"\" style=\"\" \/><\/div><a class=\"wp-block-latest-posts__post-title\" href=\"https:\/\/sites.unica.it\/spoke9\/2026\/01\/20\/economia-circolare-pubblicato-il-bando-pr-fesr-per-le-imprese\/\">Economia circolare: pubblicato il bando PR FESR per le imprese<\/a><div class=\"wp-block-latest-posts__post-excerpt\">Sardegna Ricerche ha pubblicato un nuovo bando a valere sul Programma Regionale Sardegna FESR 2021\u20132027 denominato \u201cAiuti per la promozione dell\u2019economia circolare e la riduzione dei rifiuti nel sistema produttivo regionale\u201d.\u00a0 \ud83d\udc49 Obiettivo: Il bando sostiene [&hellip;]<\/div><\/li>\n<li><div class=\"wp-block-latest-posts__featured-image aligncenter\"><img loading=\"lazy\" decoding=\"async\" width=\"150\" height=\"150\" src=\"https:\/\/sites.unica.it\/spoke9\/files\/2025\/11\/Save-the-Date-Invito-28-novembre-2025_1-150x150.jpg\" class=\"attachment-thumbnail size-thumbnail wp-post-image\" alt=\"\" style=\"\" srcset=\"https:\/\/sites.unica.it\/spoke9\/files\/2025\/11\/Save-the-Date-Invito-28-novembre-2025_1-150x150.jpg 150w, https:\/\/sites.unica.it\/spoke9\/files\/2025\/11\/Save-the-Date-Invito-28-novembre-2025_1-300x300.jpg 300w, https:\/\/sites.unica.it\/spoke9\/files\/2025\/11\/Save-the-Date-Invito-28-novembre-2025_1-1024x1024.jpg 1024w, https:\/\/sites.unica.it\/spoke9\/files\/2025\/11\/Save-the-Date-Invito-28-novembre-2025_1-768x768.jpg 768w, https:\/\/sites.unica.it\/spoke9\/files\/2025\/11\/Save-the-Date-Invito-28-novembre-2025_1-1536x1536.jpg 1536w, https:\/\/sites.unica.it\/spoke9\/files\/2025\/11\/Save-the-Date-Invito-28-novembre-2025_1-2048x2048.jpg 2048w\" sizes=\"auto, (max-width: 150px) 100vw, 150px\" \/><\/div><a class=\"wp-block-latest-posts__post-title\" href=\"https:\/\/sites.unica.it\/spoke9\/2025\/11\/25\/infrastrutture-verdi-innovative-per-un-futuro-sostenibile-sassari-28-novembre\/\">Infrastrutture Verdi Innovative per un Futuro Sostenibile &#8211; Sassari, 28 novembre<\/a><div class=\"wp-block-latest-posts__post-excerpt\">Siamo lieti di invitarvi all&#8217;evento organizzato dal WP5 del nostro Spoke che si terr\u00e0 a Sassari il 28 novembre 2025 presso l&#8217;Aula Magna del Rettorato dell&#8217;Universit\u00e0 degli Studi di Sassari. Sar\u00e0 un&#8217;occasione unica per incontrare tutti [&hellip;]<\/div><\/li>\n<\/ul>","protected":false},"excerpt":{"rendered":"<p>\ud83c\udf3f Welcome to Spoke 9 \u2013 Environmental Protection and Valorization \ud83c\udf0d Spoke 9 is a cutting-edge research and innovation project focused on building a sustainable future for Sardinia. We are dedicated to protecting our extraordinary environmental [&hellip;]<\/p>\n","protected":false},"author":643,"featured_media":0,"parent":0,"menu_order":0,"comment_status":"closed","ping_status":"closed","template":"","meta":{"footnotes":""},"class_list":["post-133","page","type-page","status-publish","hentry"],"_links":{"self":[{"href":"https:\/\/sites.unica.it\/spoke9\/wp-json\/wp\/v2\/pages\/133","targetHints":{"allow":["GET"]}}],"collection":[{"href":"https:\/\/sites.unica.it\/spoke9\/wp-json\/wp\/v2\/pages"}],"about":[{"href":"https:\/\/sites.unica.it\/spoke9\/wp-json\/wp\/v2\/types\/page"}],"author":[{"embeddable":true,"href":"https:\/\/sites.unica.it\/spoke9\/wp-json\/wp\/v2\/users\/643"}],"replies":[{"embeddable":true,"href":"https:\/\/sites.unica.it\/spoke9\/wp-json\/wp\/v2\/comments?post=133"}],"version-history":[{"count":6,"href":"https:\/\/sites.unica.it\/spoke9\/wp-json\/wp\/v2\/pages\/133\/revisions"}],"predecessor-version":[{"id":450,"href":"https:\/\/sites.unica.it\/spoke9\/wp-json\/wp\/v2\/pages\/133\/revisions\/450"}],"wp:attachment":[{"href":"https:\/\/sites.unica.it\/spoke9\/wp-json\/wp\/v2\/media?parent=133"}],"curies":[{"name":"wp","href":"https:\/\/api.w.org\/{rel}","templated":true}]}}