{"id":2337,"date":"2021-11-29T01:54:43","date_gmt":"2021-11-29T00:54:43","guid":{"rendered":"https:\/\/sites.unica.it\/g-lab\/test\/"},"modified":"2023-02-10T16:35:00","modified_gmt":"2023-02-10T15:35:00","slug":"test","status":"publish","type":"page","link":"https:\/\/sites.unica.it\/g-lab\/test\/?lang=en","title":{"rendered":"Home"},"content":{"rendered":"<p><img loading=\"lazy\" decoding=\"async\" width=\"588\" height=\"301\" class=\"homebanner alignnone wp-image-1087 size-full\" src=\"https:\/\/sites.unica.it\/g-lab\/files\/2021\/12\/g-lab-banner8.png\" alt=\"\" srcset=\"https:\/\/sites.unica.it\/g-lab\/files\/2021\/12\/g-lab-banner8.png 588w, https:\/\/sites.unica.it\/g-lab\/files\/2021\/12\/g-lab-banner8-400x205.png 400w\" sizes=\"auto, (max-width: 588px) 100vw, 588px\" \/><\/p>\n<h5>Il <a style=\"font-weight: 600\" href=\"\/g-lab\/il-centro\/\"><mark style=\"background-color: #666666;color: #ffffff\">\u00a0Centro Glab\u00a0<\/mark><\/a> promuove la cultura del gioco e delle attivit\u00e0 ludiche,<br \/>gli studi e l&#8217;azione urbana con il <em>geotelling<\/em>, il <em>pervasive gaming<\/em>, e le esperienze interattive e transmediali, e ne sviluppa <mark style=\"font-weight: 600;background-color: #666666;color: #ffffff\">\u00a0ricerche\u00a0<\/mark>, <mark style=\"font-weight: 600;background-color: #666666;color: #ffffff\">\u00a0progetti\u00a0<\/mark> e <mark style=\"font-weight: 600;background-color: #666666;color: #ffffff\">\u00a0strumenti\u00a0<\/mark>.<\/h5>\n<p>\u00a0<\/p>\n<h1>Novit\u00e0 \u00a0\u25bc<\/h1>\n\n<ul class=\"wp-block-latest-posts__list is-grid columns-2 wp-block-latest-posts\"><li><a class=\"wp-block-latest-posts__post-title\" href=\"https:\/\/sites.unica.it\/g-lab\/cami-inaugurazione\/\">CAMI inaugurazione<\/a><div class=\"wp-block-latest-posts__post-excerpt\">Evento di presentazione del Centro interdipartimentale di Ricerche sulla Casa e il Mercato Immobiliare (CAMI) &#8220;L&#8217;abitare tra diritti, mercato e politiche&#8221; 4 Maggio 2026, ore 15.00-19.30 Aula Magna \u201cMario Carta\u201d, Facolt\u00e0 di Ingegneria e ArchitetturaVia Marengo 2, Cagliari Il convegno rappresenta il momento di avvio del Centro Interdipartimentale di Ricerca sulla Casa e il Mercato Immobiliare (CAMI), che si colloca in un contesto segnato da una profonda tensione tra dinamiche di mercato, trasformazioni urbane e il diritto all\u2019abitare. La &#8220;questione abitativa&#8221; si conferma una questione strutturale delle politiche economiche e territoriali e richiede approcci capaci di tenere insieme dimensione economica,&hellip;&nbsp;<a href=\"https:\/\/sites.unica.it\/g-lab\/cami-inaugurazione\/\" rel=\"bookmark\">Leggi tutto &raquo;<span class=\"screen-reader-text\">CAMI inaugurazione<\/span><\/a><\/div><\/li>\n<li><a class=\"wp-block-latest-posts__post-title\" href=\"https:\/\/sites.unica.it\/g-lab\/unica-space-force-2026\/\">UNICA SPACE FORCE 2026<\/a><div class=\"wp-block-latest-posts__post-excerpt\">presenta Laboratorio di progetto e di auto-costruzionedell&#8217;Universit\u00e0 di Cagliari Stagione 2026 luglio e settembre 2026 UNICA SPACE FORCE progetta e costruisce sistemi di dispositivi e installazioni architettoniche nello spazio pubblico capaci di moltiplicarne i possibili usi, migliorare le condizioni di abitabilit\u00e0, rafforzare i connotati di spazio pubblico contemporaneo, e creare luoghi per incontrarsi, giocare, per accogliere eventi, attivit\u00e0 culturali, o stare in solitudine. Segui UNICA SPACE FORCE su Instagram e Archilovers. Il Laboratorio di Progetto e Autocostruzione nella stagione 2026 prevede la realizzazione del progetto UNICAsa Episodio VI &#8220;Monserrato&#8221; presso la Cittadella Universitaria di Monserrato. Il laboratorio \u00e8 aperto agli&hellip;&nbsp;<a href=\"https:\/\/sites.unica.it\/g-lab\/unica-space-force-2026\/\" rel=\"bookmark\">Leggi tutto &raquo;<span class=\"screen-reader-text\">UNICA SPACE FORCE 2026<\/span><\/a><\/div><\/li>\n<li><a class=\"wp-block-latest-posts__post-title\" href=\"https:\/\/sites.unica.it\/g-lab\/the-city-and-the-water-international-workshop\/\">The City and the Water, international workshop<\/a><div class=\"wp-block-latest-posts__post-excerpt\">THE CITY AND THE WATER International Workshop on the City and Spatial Justice Facolt\u00e0 di Ingegneria e ArchitetturaFacolt\u00e0 di Scienze Economiche, Giuridiche e PoliticheUniversit\u00e0 di Cagliari 9.03.2026 |&nbsp; 16-20.03.2026 | 20.04.2026 BIP \u2013 ISMOKA and EDUC &#8211; European Digital UniverCity \u201cSpace &amp; Place\u201dUniversity of Cagliari (Italy) | Masaryk University Brno (Czechia) | University of Paris-Nanterre (France) Docenti responsabiliMaurizio Memoli | Ester Cois | Carlo Perelli International Workshop on the City and Spatial Justice features a one-week residential program in Cagliari, involving thirty students from the three partner universities \u2014 the University of Cagliari (Italy), Masaryk University Brno (Czechia), and the&hellip;&nbsp;<a href=\"https:\/\/sites.unica.it\/g-lab\/the-city-and-the-water-international-workshop\/\" rel=\"bookmark\">Leggi tutto &raquo;<span class=\"screen-reader-text\">The City and the Water, international workshop<\/span><\/a><\/div><\/li>\n<li><div class=\"wp-block-latest-posts__featured-image\"><a href=\"https:\/\/sites.unica.it\/g-lab\/salvador-anton-clave-the-contemporary-global-theme-park-experience-design-practices-trends-issues-and-paradoxes\/\" aria-label=\"Salvador Anton Clav\u00e9: The Contemporary Global Theme Park Experience Design Practices: Trends, Issues and Paradoxes\"><img loading=\"lazy\" decoding=\"async\" width=\"768\" height=\"1024\" src=\"https:\/\/sites.unica.it\/g-lab\/files\/2026\/02\/Clave_immagine-locandina-768x1024.jpeg\" class=\"attachment-large size-large wp-post-image\" alt=\"\" style=\"\" srcset=\"https:\/\/sites.unica.it\/g-lab\/files\/2026\/02\/Clave_immagine-locandina-768x1024.jpeg 768w, https:\/\/sites.unica.it\/g-lab\/files\/2026\/02\/Clave_immagine-locandina-300x400.jpeg 300w, https:\/\/sites.unica.it\/g-lab\/files\/2026\/02\/Clave_immagine-locandina-1152x1536.jpeg 1152w, https:\/\/sites.unica.it\/g-lab\/files\/2026\/02\/Clave_immagine-locandina.jpeg 1200w\" sizes=\"auto, (max-width: 768px) 100vw, 768px\" \/><\/a><\/div><a class=\"wp-block-latest-posts__post-title\" href=\"https:\/\/sites.unica.it\/g-lab\/salvador-anton-clave-the-contemporary-global-theme-park-experience-design-practices-trends-issues-and-paradoxes\/\">Salvador Anton Clav\u00e9: The Contemporary Global Theme Park Experience Design Practices: Trends, Issues and Paradoxes<\/a><div class=\"wp-block-latest-posts__post-excerpt\">Conference, 13 February 2026 17:00 <\/div><\/li>\n<li><div class=\"wp-block-latest-posts__featured-image\"><a href=\"https:\/\/sites.unica.it\/g-lab\/progetto-tersicore-ciclo-di-seminari-e-lavoro-sul-campo\/\" aria-label=\"Progetto &#8220;Tersicore&#8221; &#8211; ciclo di seminari e lavoro sul campo\"><img loading=\"lazy\" decoding=\"async\" width=\"1024\" height=\"610\" src=\"https:\/\/sites.unica.it\/g-lab\/files\/2025\/08\/tersicore-1024x610.png\" class=\"attachment-large size-large wp-post-image\" alt=\"\" style=\"\" srcset=\"https:\/\/sites.unica.it\/g-lab\/files\/2025\/08\/tersicore-1024x610.png 1024w, https:\/\/sites.unica.it\/g-lab\/files\/2025\/08\/tersicore-400x238.png 400w, https:\/\/sites.unica.it\/g-lab\/files\/2025\/08\/tersicore-768x457.png 768w, https:\/\/sites.unica.it\/g-lab\/files\/2025\/08\/tersicore.png 1463w\" sizes=\"auto, (max-width: 1024px) 100vw, 1024px\" \/><\/a><\/div><a class=\"wp-block-latest-posts__post-title\" href=\"https:\/\/sites.unica.it\/g-lab\/progetto-tersicore-ciclo-di-seminari-e-lavoro-sul-campo\/\">Progetto &#8220;Tersicore&#8221; &#8211; ciclo di seminari e lavoro sul campo<\/a><div class=\"wp-block-latest-posts__post-excerpt\">20 settembre &#8211; 4 ottobre 2025. Il ciclo di seminari presenta gli avanzamenti della ricerca condotta all\u2019interno del progetto TERSICORE, con il focus sul caso studio del progetto di autocostruzione &#8220;IsMy&#8221;, realizzato nel quartiere Is Mirrionis a Cagliari.<\/div><\/li>\n<li><div class=\"wp-block-latest-posts__featured-image\"><a href=\"https:\/\/sites.unica.it\/g-lab\/unica-space-force-2025\/\" aria-label=\"UNICA SPACE FORCE 2025\"><img loading=\"lazy\" decoding=\"async\" width=\"1024\" height=\"768\" src=\"https:\/\/sites.unica.it\/g-lab\/files\/2025\/03\/UNICASa-Sa-Duchessa-1024x768.jpg\" class=\"attachment-large size-large wp-post-image\" alt=\"\" style=\"\" srcset=\"https:\/\/sites.unica.it\/g-lab\/files\/2025\/03\/UNICASa-Sa-Duchessa-1024x768.jpg 1024w, https:\/\/sites.unica.it\/g-lab\/files\/2025\/03\/UNICASa-Sa-Duchessa-400x300.jpg 400w, https:\/\/sites.unica.it\/g-lab\/files\/2025\/03\/UNICASa-Sa-Duchessa-768x576.jpg 768w, https:\/\/sites.unica.it\/g-lab\/files\/2025\/03\/UNICASa-Sa-Duchessa-1536x1152.jpg 1536w, https:\/\/sites.unica.it\/g-lab\/files\/2025\/03\/UNICASa-Sa-Duchessa-2048x1536.jpg 2048w\" sizes=\"auto, (max-width: 1024px) 100vw, 1024px\" \/><\/a><\/div><a class=\"wp-block-latest-posts__post-title\" href=\"https:\/\/sites.unica.it\/g-lab\/unica-space-force-2025\/\">UNICA SPACE FORCE 2025<\/a><div class=\"wp-block-latest-posts__post-excerpt\">Laboratorio di progetto e di auto-costruzione dell&#8217;Universit\u00e0 di Cagliari &#8211; Stagione 2025 &#8211; aprile-settembre 2025<\/div><\/li>\n<li><div class=\"wp-block-latest-posts__featured-image\"><a href=\"https:\/\/sites.unica.it\/g-lab\/unicasa-2024-sa-duchessa\/\" aria-label=\"UNICAsa 2024 &#8211; Sa Duchessa\"><img loading=\"lazy\" decoding=\"async\" width=\"1024\" height=\"683\" src=\"https:\/\/sites.unica.it\/g-lab\/files\/2024\/05\/UNICAsa-fare2-1024x683.jpg\" class=\"attachment-large size-large wp-post-image\" alt=\"\" style=\"\" srcset=\"https:\/\/sites.unica.it\/g-lab\/files\/2024\/05\/UNICAsa-fare2-1024x683.jpg 1024w, https:\/\/sites.unica.it\/g-lab\/files\/2024\/05\/UNICAsa-fare2-400x267.jpg 400w, https:\/\/sites.unica.it\/g-lab\/files\/2024\/05\/UNICAsa-fare2-768x512.jpg 768w, https:\/\/sites.unica.it\/g-lab\/files\/2024\/05\/UNICAsa-fare2-1536x1024.jpg 1536w, https:\/\/sites.unica.it\/g-lab\/files\/2024\/05\/UNICAsa-fare2-2048x1365.jpg 2048w, https:\/\/sites.unica.it\/g-lab\/files\/2024\/05\/UNICAsa-fare2-930x620.jpg 930w\" sizes=\"auto, (max-width: 1024px) 100vw, 1024px\" \/><\/a><\/div><a class=\"wp-block-latest-posts__post-title\" href=\"https:\/\/sites.unica.it\/g-lab\/unicasa-2024-sa-duchessa\/\">UNICAsa 2024 &#8211; Sa Duchessa<\/a><div class=\"wp-block-latest-posts__post-excerpt\">UNICAspaziaperti: laboratorio di progetto e auto-costruzione. Primo episodio &#8220;Sa Duchessa&#8221; (UNICAsa 2024 E02), giugno-settembre 2024<\/div><\/li>\n<li><div class=\"wp-block-latest-posts__featured-image\"><a href=\"https:\/\/sites.unica.it\/g-lab\/scuola-estiva-siev-2024\/\" aria-label=\"Valori e valutazioni per la rigenerazione urbana\"><img loading=\"lazy\" decoding=\"async\" width=\"1024\" height=\"576\" src=\"https:\/\/sites.unica.it\/g-lab\/files\/2023\/03\/walking-cities.jpg\" class=\"attachment-large size-large wp-post-image\" alt=\"\" style=\"\" srcset=\"https:\/\/sites.unica.it\/g-lab\/files\/2023\/03\/walking-cities.jpg 1024w, https:\/\/sites.unica.it\/g-lab\/files\/2023\/03\/walking-cities-400x225.jpg 400w, https:\/\/sites.unica.it\/g-lab\/files\/2023\/03\/walking-cities-768x432.jpg 768w\" sizes=\"auto, (max-width: 1024px) 100vw, 1024px\" \/><\/a><\/div><a class=\"wp-block-latest-posts__post-title\" href=\"https:\/\/sites.unica.it\/g-lab\/scuola-estiva-siev-2024\/\">Valori e valutazioni per la rigenerazione urbana<\/a><div class=\"wp-block-latest-posts__post-excerpt\">Cagliari, 16-20 Settembre 2024.<br>Scuola estiva della Societ\u00e0 Italiana di Estimo e Valutazione (SIEV)<\/div><\/li>\n<li><div class=\"wp-block-latest-posts__featured-image\"><a href=\"https:\/\/sites.unica.it\/g-lab\/space-place-2024-international-workshop\/\" aria-label=\"\u201cSpace &amp; Place 2024\u201d International Workshop\"><img loading=\"lazy\" decoding=\"async\" width=\"1017\" height=\"576\" src=\"https:\/\/sites.unica.it\/g-lab\/files\/2023\/12\/copertina-web.png\" class=\"attachment-large size-large wp-post-image\" alt=\"\" style=\"\" srcset=\"https:\/\/sites.unica.it\/g-lab\/files\/2023\/12\/copertina-web.png 1017w, https:\/\/sites.unica.it\/g-lab\/files\/2023\/12\/copertina-web-400x227.png 400w, https:\/\/sites.unica.it\/g-lab\/files\/2023\/12\/copertina-web-768x435.png 768w\" sizes=\"auto, (max-width: 1017px) 100vw, 1017px\" \/><\/a><\/div><a class=\"wp-block-latest-posts__post-title\" href=\"https:\/\/sites.unica.it\/g-lab\/space-place-2024-international-workshop\/\">\u201cSpace &amp; Place 2024\u201d International Workshop<\/a><div class=\"wp-block-latest-posts__post-excerpt\">February-Aprile 2024. The international workshop on the post-socialist city includes a one-week residential period in Brno, with the participation of around 30 students from the three partner universities, University of Cagliari (Italy), Masaryk University Brino (Czechia) and University of Paris-Nanterre (France).<\/div><\/li>\n<li><div class=\"wp-block-latest-posts__featured-image\"><a href=\"https:\/\/sites.unica.it\/g-lab\/selegaslab\/\" aria-label=\"SelegasLab\"><img loading=\"lazy\" decoding=\"async\" width=\"1024\" height=\"635\" src=\"https:\/\/sites.unica.it\/g-lab\/files\/2023\/06\/selegas-piazzetta-bande-1024x635.png\" class=\"attachment-large size-large wp-post-image\" alt=\"\" style=\"\" srcset=\"https:\/\/sites.unica.it\/g-lab\/files\/2023\/06\/selegas-piazzetta-bande-1024x635.png 1024w, https:\/\/sites.unica.it\/g-lab\/files\/2023\/06\/selegas-piazzetta-bande-400x248.png 400w, https:\/\/sites.unica.it\/g-lab\/files\/2023\/06\/selegas-piazzetta-bande-768x476.png 768w, https:\/\/sites.unica.it\/g-lab\/files\/2023\/06\/selegas-piazzetta-bande-1536x952.png 1536w, https:\/\/sites.unica.it\/g-lab\/files\/2023\/06\/selegas-piazzetta-bande.png 1662w\" sizes=\"auto, (max-width: 1024px) 100vw, 1024px\" \/><\/a><\/div><a class=\"wp-block-latest-posts__post-title\" href=\"https:\/\/sites.unica.it\/g-lab\/selegaslab\/\">SelegasLab<\/a><div class=\"wp-block-latest-posts__post-excerpt\">S-PIAZZARE: dispositivi architettonici \nper centri storici. Laboratorio residenziale di progetto e di auto-costruzione a Selegas, 24-30 luglio 2023<\/div><\/li>\n<\/ul>\n\n<p>&nbsp;<\/p>","protected":false},"excerpt":{"rendered":"<p>Il \u00a0Centro Glab\u00a0 promuove la cultura del gioco e delle attivit\u00e0 ludiche,gli studi e l&#8217;azione urbana con il geotelling, il pervasive gaming, e le esperienze interattive e transmediali, e ne sviluppa \u00a0ricerche\u00a0, \u00a0progetti\u00a0 e \u00a0strumenti\u00a0. \u00a0 Novit\u00e0 \u00a0\u25bc &nbsp;<\/p>\n","protected":false},"author":2755,"featured_media":0,"parent":0,"menu_order":0,"comment_status":"closed","ping_status":"closed","template":"","meta":{"neve_meta_sidebar":"","neve_meta_container":"","neve_meta_enable_content_width":"off","neve_meta_content_width":100,"neve_meta_title_alignment":"","neve_meta_author_avatar":"","neve_post_elements_order":"","neve_meta_disable_header":"off","neve_meta_disable_footer":"","neve_meta_disable_title":"on","footnotes":""},"class_list":["post-2337","page","type-page","status-publish","hentry"],"_links":{"self":[{"href":"https:\/\/sites.unica.it\/g-lab\/wp-json\/wp\/v2\/pages\/2337","targetHints":{"allow":["GET"]}}],"collection":[{"href":"https:\/\/sites.unica.it\/g-lab\/wp-json\/wp\/v2\/pages"}],"about":[{"href":"https:\/\/sites.unica.it\/g-lab\/wp-json\/wp\/v2\/types\/page"}],"author":[{"embeddable":true,"href":"https:\/\/sites.unica.it\/g-lab\/wp-json\/wp\/v2\/users\/2755"}],"replies":[{"embeddable":true,"href":"https:\/\/sites.unica.it\/g-lab\/wp-json\/wp\/v2\/comments?post=2337"}],"version-history":[{"count":3,"href":"https:\/\/sites.unica.it\/g-lab\/wp-json\/wp\/v2\/pages\/2337\/revisions"}],"predecessor-version":[{"id":2445,"href":"https:\/\/sites.unica.it\/g-lab\/wp-json\/wp\/v2\/pages\/2337\/revisions\/2445"}],"wp:attachment":[{"href":"https:\/\/sites.unica.it\/g-lab\/wp-json\/wp\/v2\/media?parent=2337"}],"curies":[{"name":"wp","href":"https:\/\/api.w.org\/{rel}","templated":true}]}}