{"id":137,"date":"2025-11-04T16:41:26","date_gmt":"2025-11-04T15:41:26","guid":{"rendered":"https:\/\/sites.unica.it\/fesc\/?page_id=137"},"modified":"2026-04-17T09:57:23","modified_gmt":"2026-04-17T07:57:23","slug":"offerta-formativa-2025-26","status":"publish","type":"page","link":"https:\/\/sites.unica.it\/fesc\/percorso-formativo\/offerta-formativa-2025-26\/","title":{"rendered":"Offerta formativa\u00a02025 \/ 26"},"content":{"rendered":"\n<div style=\"height:50px\" aria-hidden=\"true\" class=\"wp-block-spacer\"><\/div>\n\n\n\n<div class=\"wp-block-columns is-layout-flex wp-container-core-columns-is-layout-28f84493 wp-block-columns-is-layout-flex\">\n<div class=\"wp-block-column is-layout-flow wp-container-core-column-is-layout-f751d6c2 wp-block-column-is-layout-flow\">\n<details class=\"wp-block-details is-layout-flow wp-block-details-is-layout-flow\"><summary><strong>Insegnamenti del corso di Dottorato<\/strong><\/summary>\n<details class=\"wp-block-details is-layout-flow wp-block-details-is-layout-flow\"><summary><em><strong><em><strong><em><strong><strong><em><strong><em><strong><em><strong><strong><strong><strong><strong>Filosofia dell\u2019economia: critica dei fondamenti della teoria economica<\/strong><\/strong><\/strong><\/strong><\/strong><\/em><\/strong><\/em><\/strong><\/em><\/strong><\/strong><\/em><\/strong><\/em><\/strong><\/em><\/summary>\n<p>I-II-III anno, 9 ore (3 lezioni da 3 ore), 14, 21, 28 maggio, senza verifica finale. <br>Il corso propone un\u2019introduzione interdisciplinare ai fondamenti teorici, metodologici e concettuali dell\u2019economia, con particolare attenzione alla loro rilevanza per la filosofia, la psicologia e la logica. L\u2019obiettivo \u00e8 offrire strumenti critici per comprendere il linguaggio e i modelli economici, nonch\u00e9 per riflettere sulle loro implicazioni normative ed epistemologiche. <strong><a href=\"https:\/\/sites.unica.it\/fesc\/filosofia-delleconomia-critica-dei-fondamenti-della-teoria-economica\/\">Link alla pagina dedicata<\/a><\/strong>.<\/p>\n<\/details>\n\n\n\n<details class=\"wp-block-details is-layout-flow wp-block-details-is-layout-flow\"><summary><em><strong><em><strong><em><strong><strong><em><strong><em><strong>Gender equity in Academia and Research: policy tools and strategies<\/strong><\/em><\/strong><\/em><\/strong><\/strong><\/em><\/strong><\/em><\/strong><\/em><\/summary>\n<p>I-II-III anno, 20 ore in totale. con verifica finale. Rivolto trasversalmente a tutti gli indirizzi di dottorato.<br>Ha lo scopo di promuovere tra i dottorandi e le dottorande di qualsiasi area scientifica un\u2019analisi critica dei fenomeni di segregazione orizzontale e verticale che continuano a definire profonde asimmetrie nella distribuzione disciplinare e nei percorsi di carriera tra uomini e donne nel contesto accademico e di ricerca d\u2019eccellenza. Il focus dell\u2019attivit\u00e0 formativa prende le mosse da quest\u2019analisi di contesto per evidenziare le pratiche e i meccanismi sociali, culturali e organizzativi che producono tali asimmetrie e per esplorare gli strumenti e le strategie di policy attivate su scala locale, nazionale e internazionale, in prospettiva comparata, per contrastare ogni forma di discriminazione basata sul genere e sull\u2019identit\u00e0 di genere e per promuovere la parit\u00e0, l\u2019inclusione e la valorizzazione delle diversit\u00e0, in un\u2019ottica intersezionale (es. <em>Gender Equality Plan<\/em>, <em>Diversity Plan<\/em>, Bilancio di Genere). Le aree tematiche prioritarie delle lezioni sono: equilibrio tra vita privata\/familiare\/lavorativa e cultura organizzativa; equilibrio di genere nelle posizioni apicali e negli organi decisionali; promozione dell\u2019uguaglianza di genere nei processi di reclutamento e nelle progressioni di carriera; integrazione della dimensione di genere nella ricerca e nella formazione scientifica; strategie per il contrasto di ogni forma di discriminazione e di ogni espressione della&nbsp; violenza di genere in ambito accademico; promozione di un linguaggio e di una comunicazione <em>gender-sensitive<\/em> nei contesti universitari e di ricerca.<br>Indirizzi: Filosofia e storia dei concetti; Logica ed epistemologia; Scienze pedagogiche e Psicologiche.<\/p>\n<\/details>\n\n\n\n<details class=\"wp-block-details is-layout-flow wp-block-details-is-layout-flow\"><summary><em><strong><em><strong><em><strong>Horizon Europe \u2013 How to get funds for your research and innovation projects<\/strong><\/em><\/strong><\/em><\/strong><\/em><\/summary>\n<p>II-III anno, 20 ore in totale, con verifica finale. Rivolto trasversalmente a tutti gli indirizzi di dottorato.<br>Ha lo scopo di introdurre ai programmi quadro della Comunit\u00e0 Europea e in particolare al programma <em>Horizon Europe<\/em>, alla sua struttura, ai suoi programmi di lavoro, ai suoi bandi. Fornisce informazioni sul come inquadrare la propria attivit\u00e0 di ricerca in questo contesto, gli strumenti per presentare una proposta, i criteri di valutazione, partendo da esempi pratici. Prevede la descrizione in dettaglio della modalit\u00e0 di scrittura di una proposta di successo, approfondendo le tre parti principali: eccellenza, impatto, implementazione. Ogni lezione ha una parte teorica e una parte pratica di esercitazione che consiste nel lavoro in autonomia su proposte di progetto. \u00c8 prevista l\u2019esposizione di buone pratiche e suggerimenti da parte di ricercatori e ricercatrici dell\u2019Universit\u00e0 di Cagliari che hanno ottenuto finanziamenti in questo campo.<br>Indirizzi: Filosofia e storia dei concetti, Logica ed epistemologia, Scienze pedagogiche e psicologiche. <strong><a href=\"https:\/\/sites.unica.it\/fesc\/percorso-formativo\/offerta-formativa-2025-26\/horizon-europe-come-ottenere-finanziamenti-per-i-propri-progetti-di-ricerca-e-innovazione\/\">Link alla pagina dedicata<\/a><\/strong>.<\/p>\n<\/details>\n\n\n\n<details class=\"wp-block-details is-layout-flow wp-block-details-is-layout-flow\"><summary><em><strong><em><strong><em><strong><strong><em><strong><em><strong><em><strong><strong><strong><strong><strong><strong>Il rapporto mente-cervello e la questione cause\/motivi<\/strong><\/strong><\/strong><\/strong><\/strong><\/strong><\/em><\/strong><\/em><\/strong><\/em><\/strong><\/strong><\/em><\/strong><\/em><\/strong><\/em><\/summary>\n<p><em>(previsto in autunno 2026)<\/em>, I-II anno, 6 ore in totale (3 sessioni da 2 ore: Mente\/Cervello &#8211; lo stato attuale della ricerca e del dibattito; Cause\/Motivi &#8211; confronto tra prospettive; Gli apporti dell\u2019ermeneutica e della fenomenologia), con verifica finale.<br>Nonostante domini la tendenza a modellizzazioni di genere causalista, si \u00e8 lontani da avanzamenti conoscitivi e sviluppi teorici capaci dispiegare\/giustificare in modo pieno l\u2019assorbimento del motivazionale nel causale o l\u2019esclusione del motivazionale in costrutti che includono il funzionamento mentale e il dinamismo della vita psichica. Al riguardo, non solo la lezione psicoanalitica continua a costituire oggi un termine di confronto importante &#8211; specificatamente in riferimento alla questione cause\/motivi, ma anche gli apporti dell\u2019ermeneutica e della fenomenologia risultano strategici e, sia in relazione a tale questione, sia nel quadro di una ricerca mirante a costruire un modello integrato della \u2018realt\u00e0\u2019 mente-cervello.<br>Indirizzi: Filosofia e storia dei concetti; Logica ed epistemologia.<\/p>\n<\/details>\n\n\n\n<details class=\"wp-block-details is-layout-flow wp-block-details-is-layout-flow\"><summary><em><strong>Inclusione, accessibilit\u00e0 ed equit\u00e0: l\u2019approccio della psicologia clinica della disabilit\u00e0<\/strong><\/em><\/summary>\n<p>I-II-III anno, 12 ore in totale (3 moduli di 4 ore con alternanza fra riflessioni teoriche ed attivit\u00e0 laboratoriali), senza verifica finale.<br>Intende fornire la possibilit\u00e0 di ragionare sulle attuali conoscenze nel campo della disabilit\u00e0 con l\u2019obiettivo di promuovere equit\u00e0, pari opportunit\u00e0 e partecipazione delle persone con disabilit\u00e0, nei diversi domini di vita ed in diverse fasi del ciclo di vita. Basato sull\u2019approccio della Psicologia Clinica della Disabilit\u00e0, si focalizza su modelli di percorsi inclusivi nel campo della ricerca e nel contesto scolastico\/universitario, mediante il confronto e l\u2019integrazione tra approcci basati sull\u2019Accomodamento Ragionevole e sulla Progettazione universale.<br>Indirizzi: Scienze pedagogiche e psicologiche. <strong><a href=\"https:\/\/sites.unica.it\/fesc\/inclusione-accessibilita-ed-equita-lapproccio-della-psicologia-della-disabilita\/\">Link alla pagina dedicata<\/a><\/strong>.<\/p>\n<\/details>\n\n\n\n<details class=\"wp-block-details is-layout-flow wp-block-details-is-layout-flow\"><summary><em><strong><em><strong><em><strong><strong><em><strong><em><strong><em><strong><strong><strong>Introduction to algebraic logic<\/strong><\/strong><\/strong><\/em><\/strong><\/em><\/strong><\/em><\/strong><\/strong><\/em><\/strong><\/em><\/strong><\/em><\/summary>\n<p>1st year, 16 hours (8 classes), from January to March 2026. Prerequisites: Proficiency in the metatheory of classical propositional logic. Basic notions of algebra (order, lattice) and universal algebra (variety, quasivariety, class operator). The course will be held in person. Please first contact Prof. Nicol\u00f2 Zamperlin (<em>n.zamperlin@gmail.com<\/em>) to join the course.<br>The course is a quick introduction to the theory of algebraizability of Blok and Pigozzi. Through the study of the first chapters of Font\u2019s handbook on abstract algebraic logic we will explore the necessary notions for any further investigation of the modern approach to algebraic logic. The goal of the course is to provide students which the minimal tools to access to the current literature about abstract algebraic logic. We will review the basic notions (consequence relations and closure operators) that precisely specify the definition of logic we will be working with and we will adapt these notions to classes of algebras. We will then move to the core of the theory of algebraizability, introducing the fundamentals (algebraic semantics, Lindenbaum-Tarski process, definition of algebraizability), exploring equivalence results (syntactic characterization, Leibniz congruence and isomorphism theorem), concluding with a glimpse to the semantics of matrices (logical matrix, Leibniz-reduced model).<br>Path: Logic and Epistemology. <strong><a href=\"https:\/\/sites.unica.it\/fesc\/introduction-to-algebraic-logic\/\">Link alla pagina dedicata<\/a><\/strong>.<\/p>\n<\/details>\n\n\n\n<details class=\"wp-block-details is-layout-flow wp-block-details-is-layout-flow\"><summary><em><strong><em><strong><em><strong><strong>La ricerca scientifica: fonti, strumenti e valutazione<\/strong><\/strong><\/em><\/strong><\/em><\/strong><\/em><\/summary>\n<p>I-II-III anno, 14 ore in totale, con verifica finale. Rivolto trasversalmente a tutti gli indirizzi di Dottorato. Introduce i temi della comunicazione scientifica, del diritto d\u2019autore, dell\u2019<em>Open Access<\/em>, della valutazione della ricerca. Presenta anche i principali strumenti per svolgere ricerche bibliografiche efficaci sulle risorse del settore (modulo differenziato in base al settore disciplinare di afferenza del dottorando). Al termine del corso lo studente avr\u00e0 una migliore comprensione delle infrastrutture elettroniche di ricerca, degli strumenti e dei servizi disponibili per pubblicare, anche ad accesso aperto, e delle modalit\u00e0 di valutazione della produttivit\u00e0 scientifica dei ricercatori.<br>Indirizzi: Filosofia e storia dei concetti; Logica ed epistemologia; Scienze pedagogiche e psicologiche.<\/p>\n<\/details>\n\n\n\n<details class=\"wp-block-details is-layout-flow wp-block-details-is-layout-flow\"><summary><em><strong><em><strong><em><strong><strong><em><strong>Metaphor and argumentation<\/strong><\/em><\/strong><\/strong><\/em><\/strong><\/em><\/strong><\/em><\/summary>\n<p>I-II-III anno, 10 ore in totale, senza verifica finale.<br>Fornisce conoscenze nell\u2019ambito della teoria della metafora e dell\u2019argomentazione, anche con un approccio sperimentale. Nel primo incontro pone le basi teoriche dello studio della metafora all\u2019interno di diversi schemi argomentativi. Nel secondo incontro illustra i principali risultati sperimentali sull\u2019effetto persuasivo delle metafore in diversi tipi di fallacie argomentative. Nel terzo incontro mostra alcuni studi sull\u2019effetto del <em>framing<\/em> metaforico nell\u2019ambito della comunicazione della salute.<br>Indirizzi: Filosofia e storia dei concetti; Logica ed epistemologia; Scienze pedagogiche e psicologiche. <strong><a href=\"https:\/\/sites.unica.it\/fesc\/metaphor-and-argumantation\/\">Link alla pagina dedicata<\/a><\/strong>.<\/p>\n<\/details>\n\n\n\n<details class=\"wp-block-details is-layout-flow wp-block-details-is-layout-flow\"><summary><em><strong><em><strong><em><strong><strong><em><strong><em><strong><em><strong><strong><strong><strong><strong><strong>Perception-based mindreading<\/strong><\/strong><\/strong><\/strong><\/strong><\/strong><\/em><\/strong><\/em><\/strong><\/em><\/strong><\/strong><\/em><\/strong><\/em><\/strong><\/em><\/summary>\n<p>I-II-III anno, 2 ore in totale, senza verifica finale, in <strong>lingua inglese<\/strong>, di interesse potenziale per filosofi, psicologi e pedagogisti, data la natura interdisciplinare del lavoro dei docenti.<br>The seminar focuses on a set of under-explored phenomena, at the crossroads between philosophy of mind and aesthetics, that often straddle the perception\/cognition divide: these include appearances, looks, seemings, mirages, illusions and impressions. Such phenomena have a real impact on many aspects of our lives and deserve much more philosophical scrutiny than they have received. Even though (Western) philosophy has traditionally opposed appearance to reality, the project aims to show that the phenomena in question are best studied not as a negative counterpart of reality, but as aspects of reality in their own right. <strong><a href=\"https:\/\/sites.unica.it\/fesc\/perception-based-mindreading\/\">Link alla pagina dedicata<\/a><\/strong>.<\/p>\n<\/details>\n\n\n\n<details class=\"wp-block-details is-layout-flow wp-block-details-is-layout-flow\"><summary><em><strong><em><strong><em><strong><strong><em><strong><em><strong><em><strong>Psychology, Logic, and individual\/social Decision-making<\/strong><\/em><\/strong><\/em><\/strong><\/em><\/strong><\/strong><\/em><\/strong><\/em><\/strong><\/em><\/summary>\n<p>I-II anno, 15 ore in totale, senza verifica finale.<br>Mira a stabilire uno studio comparativo riguardante l\u2019informazione e l\u2019inferenza in psicologia e tratta una prospettiva storico\/epistemologica sul tema menzionato. Non ha requisiti obbligatori in termini di conoscenze e competenze pregresse. \u00c8 aperto sia a studenti completamente estranei alle scienze cognitive e decisionali, sia a studenti che hanno gi\u00e0 avuto ampie esperienze di ricerca in questo ambito.<br>Indirizzi: Filosofia e storia dei concetti; Logica ed epistemologia; Scienze pedagogiche e psicologiche. <strong><a href=\"https:\/\/sites.unica.it\/fesc\/psychology-logic-and-individual-social-decision-making\/\" target=\"_blank\" rel=\"noreferrer noopener\">Link alla pagina dedicata<\/a><\/strong>.<\/p>\n<\/details>\n\n\n\n<details class=\"wp-block-details is-layout-flow wp-block-details-is-layout-flow\"><summary><em>Public speaking per la ricerca<\/em><\/summary>\n<p>I-II-III anno, 10 ore in totale, con verifica finale. Rivolto trasversalmente a tutti gli indirizzi di dottorato.<br>Prevede 4 ore introduttive relative ai principi di comunicazione efficace, gestione della progettazione di un discorso, preparazione dei materiali di supporto preparazione ed esposizione di un argomento di ricerca secondo principi di comunicazione efficace. Queste indicazioni teoriche saranno intervallate da esercitazioni in cui i\/le dottorandi\/e avranno modo di esercitarsi ad esporre contenuti legati alle loro ricerche in corso.<br>Indirizzi: Filosofia e storia dei concetti; Logica ed epistemologia; Scienze pedagogiche e psicologiche. <strong><a href=\"https:\/\/sites.unica.it\/fesc\/public-speaking\/\" target=\"_blank\" rel=\"noreferrer noopener\">Link alla pagina dedicata<\/a><\/strong>.<\/p>\n<\/details>\n\n\n\n<details class=\"wp-block-details is-layout-flow wp-block-details-is-layout-flow\"><summary><em>Romantic psychology: Schubert, Carus, Schopenhauer<\/em><\/summary>\n<p>I-II-III anno, 6 ore in totale, senza verifica finale. Rivolto trasversalmente a tutti gli indirizzi di dottorato.<br>Durante gli incontri si prenderanno in esame alcuni autori e testi chiave che hanno contribuito alla definizione della nozione di inconscio, alle indagini sul sonno e sui sogni e allo sviluppo della psicologia moderna. Sono previsti tre incontri, ciascuno dedicati alla lettura e discussione di brevi porzioni di testo, rispettivamente di G.H. Schubert, C.G. Carus, A. Schopenhauer, relativamente a temi connessi alla nozione di inconscio, alle indagini sul sonno e sui sogni, alle origini della psicologia moderna. <strong><a href=\"https:\/\/sites.unica.it\/fesc\/romantic-psychology-schubert-carus-schopenhauer\/\">Link alla pagina dedicata<\/a><\/strong>.<\/p>\n<\/details>\n\n\n\n<details class=\"wp-block-details is-layout-flow wp-block-details-is-layout-flow\"><summary><em><strong><em><strong><em><strong><strong><em><strong><em><strong><em><strong><strong>Scrittura argomentativa<\/strong><\/strong><\/em><\/strong><\/em><\/strong><\/em><\/strong><\/strong><\/em><\/strong><\/em><\/strong><\/em><\/summary>\n<p> I-II-III anno, 12 ore in totale, con verifica finale.<br>Intende fornire utili strumenti per chi si cimenti nella scrittura accademica e voglia redigere testi chiari, corretti ed efficaci. Si rivolge in particolare a studenti e studentesse di dottorato che stiano intraprendendo un percorso di scrittura della tesi e che necessitino di una guida pratica nella scrittura argomentativa. Nella prima parte del corso (Prof.ssa Gola) \u00e8 introdotto il tema della scrittura accademica, nella seconda parte (Prof.ssa Ervas) \u00e8 presentata la struttura del testo argomentativo, nella terza parte (Prof. Sergioli) sono presentate le principali fallacie argomentative o errori che si possono commettere nell\u2019argomentazione.<br>Indirizzi: Filosofia e storia dei concetti; Logica ed epistemologia; Scienze pedagogiche e psicologiche.<\/p>\n<\/details>\n\n\n\n<details class=\"wp-block-details is-layout-flow wp-block-details-is-layout-flow\"><summary><em><strong><em><strong><em><strong><strong><em><strong><em><strong><em><strong><strong><strong><strong>The magic of words: what is it supposed to be?<\/strong><\/strong><\/strong><\/strong><\/em><\/strong><\/em><\/strong><\/em><\/strong><\/strong><\/em><\/strong><\/em><\/strong><\/em><\/summary>\n<p> 1st, 2nd, 3rd year, 2 hours, 17 March 2026, 15:00 to 17:00, no final evaluation. The course will be held in person and online.<br>&#8220;Many people, at various times, places, and cultures, have believed that language has special magical power. Spells, enchantments, blessing and curses, exorcisms and summonings, have all been thought to rely on certain distinctive uses of language. In this paper, I examine three ways of understanding the alleged magical power of language, as illocutionary, as perlocutionary, and as something analogous to mechanical. I argue that none can work as a general account of the magical uses of language, as seen from the point of view of those who engage in such practices. I conclude with the suggestion that such a power is not just non-existent but conceptually impossible.&#8221;<br><strong><a href=\"https:\/\/sites.unica.it\/fesc\/the-magic-of-words-what-is-it-supposed-to-be\/\">Link to the dedicated page<\/a><\/strong>.<\/p>\n<\/details>\n\n\n\n<details class=\"wp-block-details is-layout-flow wp-block-details-is-layout-flow\"><summary><em><strong><em><strong><em><strong><strong><em><strong><em><strong><em><strong><strong><strong><strong>Truth,&nbsp;aesthetic goodness, and ideal sensibilities: pragmatic considerations<\/strong><\/strong><\/strong><\/strong><\/em><\/strong><\/em><\/strong><\/em><\/strong><\/strong><\/em><\/strong><\/em><\/strong><\/em><\/summary>\n<p>I-II-III anno, 2 ore in totale, 22 maggio 2026, 15:00 to 17:00, in lingua inglese, in presenza e, previa iscrizione via e-mail, anche online. Senza valutazione finale. <br>&#8220;Le teorie che analizzano la bont\u00e0 estetica facendo appello a un agente idealizzato (ad esempio, i &#8220;giudici veri&#8221; di Hume) sono ben note. Le critiche pi\u00f9 comuni a tali visioni idealiste includono chi rifiuta del tutto la nozione di una sensibilit\u00e0 ideale, chi sostiene che uno standard di gusto cos\u00ec definito sia &#8220;inutile&#8221; e chi ritiene che tali visioni siano vulnerabili a una versione estetica del dilemma di Eutifrone. Questo articolo (a) esamina tali critiche e (b) difende una versione pragmatista peculiare e poco esplorata di un approccio idealista, che mira a una concezione unificata di verit\u00e0 e bont\u00e0 estetica.&#8221; <a href=\"http:\/\/sites.unica.it\/fesc\/files\/2026\/04\/260522-seminario-Truth-Aesthetic-Goodness.pdf\"><strong>Locandina<\/strong><\/a>. <strong><a href=\"https:\/\/sites.unica.it\/fesc\/truth-aesthetic-goodness-and-ideal-sensibilities-pragmatic-considerations\/\">Link alla pagina dedicata<\/a><\/strong>.<\/p>\n<\/details>\n\n\n\n<details class=\"wp-block-details is-layout-flow wp-block-details-is-layout-flow\"><summary><em><strong><em><strong>UniCa Graduate Training<\/strong><\/em><\/strong><\/em><\/summary>\n<p>I-II-III anno, 6 ore in totale,&nbsp; senza verifica finale.<br>Mira a fornire le basi per affrontare il dottorato e le prime fasi post-dottorali nel miglior modo possibile nell\u2019attuale mondo del lavoro accademico, caratterizzato da competitivit\u00e0 e internazionalizzazione. Affronta tematiche quali, tra le altre: come funziona il mondo del lavoro in Italia e all\u2019estero, come organizzare il proprio tempo e le proprie energie durante il dottorato, come scrivere domande di finanziamento, quali opportunit\u00e0 sono disponibili in Italia e all\u2019estero. Il corso \u00e8 interattivo e comprende lavoro individuale e di gruppo da parte degli studenti partecipanti, oltre che lezioni frontali da parte del docente. Prima e durante il corso, gli studenti sono incoraggiati a presentare le proprie difficolt\u00e0 e domande per la discussione e l\u2019apprendimento individuale e di gruppo. \u00c8 prevista anche una fase successiva al corso in cui gli studenti possono interagire tra di loro e con il docente per continuare l\u2019apprendimento.<br>Indirizzi: Filosofia e storia dei concetti, Logica ed epistemologia, Scienze pedagogiche e psicologiche. <strong><a href=\"https:\/\/sites.unica.it\/fesc\/unica-graduate-training-ugt\/\">Link alla pagina dedicata<\/a><\/strong>.<\/p>\n<\/details>\n\n\n\n<p class=\"has-text-align-left\"><strong>Riepilogo dell\u2019iter formativo<\/strong>: ore 44 in media all&#8217;anno (= 131 ore totali \/ 3 anni); insegnamenti 10, &nbsp;di cui 6 con verifica finale.<\/p>\n<\/details>\n<\/div>\n<\/div>\n\n\n\n<details class=\"wp-block-details is-layout-flow wp-block-details-is-layout-flow\"><summary><strong>Incontri di Estetica e Teoria delle arti<\/strong><\/summary>\n<p><strong>2025<\/strong><\/p>\n\n\n\n<ul class=\"wp-block-list\">\n<li>10 novembre 2025. <strong>Pietro Conte<\/strong> (Universit\u00e0 degli Studi di Milano): <em>La dittatura delle cornici<\/em>. Aula 7A, h 16-18 e online, piattaforma MS Teams\u00ae.<\/li>\n\n\n\n<li>6 novembre 2025. <strong>Ana Petrovi\u0107<\/strong> (Academy of Arts and Culture in Osijek \u2013 Visiting Professor Erasmus + Program): <em>Art at the Edge of Its Own Undoing<\/em>. Aula 7A, h 16-19 e online, piattaforma MS Teams\u00ae.<\/li>\n\n\n\n<li>3 novembre 2025.<strong> Ana Petrovi\u0107<\/strong> (Academy of Arts and Culture in Osijek \u2013 Visiting Professor Erasmus + Program): <em>Borders that Connect: Art on the Periphery of the European Union<\/em>. Aula 4A, h 16-19 e online, piattaforma MS Teams\u00ae.<\/li>\n\n\n\n<li>23 ottobre 2025. Presentazione del libro di <strong>Gabriele Uggias<\/strong>&nbsp;<em>Il bello musicale oggi<\/em> (Armando, Roma 2024). Intervengono Paolo Dal Molin (Universit\u00e0 degli Studi di Cagliari), Lorenzo De Donato (Universit\u00e0 degli Studi di Cagliari), Roberto Zanata (Conservatorio Maderna\/Lettimi di Cesena-Rimini). Aula 7A, h 16-18 e online, piattaforma MS Teams\u00ae.<\/li>\n<\/ul>\n<\/details>\n\n\n\n<details class=\"wp-block-details is-layout-flow wp-block-details-is-layout-flow\"><summary><strong>Altre attivit\u00e0 didattiche<\/strong><\/summary>\n<details class=\"wp-block-details is-layout-flow wp-block-details-is-layout-flow\"><summary>Seminari Alophis<\/summary>\n<p>I seminari Alophis (Applied Logic, History and Philosophy of Science: <a href=\"https:\/\/people.unica.it\/alophis\/\">https:\/\/people.unica.it\/alophis\/<\/a>) sono spesso tenuti da docenti ed esperti appartenenti al panorama internazionale di riferimento.<br>Tematiche frequentemente affrontate:<\/p>\n\n\n\n<ul class=\"wp-block-list\">\n<li><em>History of modern physics<\/em>.<\/li>\n\n\n\n<li><em>Non-classical logics;<\/em><\/li>\n\n\n\n<li><em>Quantum computation;<\/em><\/li>\n\n\n\n<li><em>Foundations of physics;<\/em><\/li>\n\n\n\n<li><em>Dynamical systems;<\/em><\/li>\n\n\n\n<li><em>Universal algebra;<\/em><\/li>\n\n\n\n<li><em>Abstract algebraic logic;<\/em><\/li>\n\n\n\n<li><em>Pattern recognition;<\/em><\/li>\n\n\n\n<li><em>Educational technologies;<\/em><\/li>\n<\/ul>\n<\/details>\n\n\n\n<details class=\"wp-block-details is-layout-flow wp-block-details-is-layout-flow\"><summary>Seminari Amsterdam<\/summary>\n<p>Ciclo di seminari permanenti erogati in forma telematica a cadenza periodica.<br>I dottorandi possono partecipare agli eventi previsti nel ciclo di seminari organizzato dal LIRa (<em>Logic and Interactive Rationality<\/em>) presso l\u2019Universit\u00e0 di Amsterdam.<br>Le tematiche sono di interesse comune e trasversale tra tutti e tre i curricula del corso di Dottorato.<br>Website di riferimento e calendario eventi: <a href=\"https:\/\/projects.illc.uva.nl\/lgc\/seminar\/\">https:\/\/projects.illc.uva.nl\/lgc\/seminar\/<\/a><\/p>\n<\/details>\n\n\n\n<details class=\"wp-block-details is-layout-flow wp-block-details-is-layout-flow\"><summary>Seminari Lisbona<\/summary>\n<p>Ciclo di seminari permanenti erogati in forma telematica a cadenza periodica.<br>Per la <em>partnership<\/em> sottoscritta con il <em>Center of Philosophy<\/em> dell\u2019Universit\u00e0 di Lisbona, i dottorandi hanno accesso ai cicli di eventi e seminari organizzati dallo stesso <em>Center of Philosophy<\/em>.<br>Le tematiche sono di interesse comune e trasversale tra tutti e tre i curricula del corso di Dottorato.<br>Website di riferimento: <a href=\"https:\/\/cful.letras.ulisboa.pt\/\">https:\/\/cful.letras.ulisboa.pt\/<\/a>. Calendario eventi: <a href=\"https:\/\/cful.letras.ulisboa.pt\/events\/\">https:\/\/cful.letras.ulisboa.pt\/events\/<\/a><br>Curricula: Filosofia e storia dei concetti; Logica ed epistemologia; Scienze pedagogiche e psicologiche<\/p>\n<\/details>\n\n\n\n<details class=\"wp-block-details is-layout-flow wp-block-details-is-layout-flow\"><summary>Altri seminari<\/summary>\n<div class=\"wp-block-media-text is-stacked-on-mobile is-vertically-aligned-top\" style=\"grid-template-columns:17% auto\"><figure class=\"wp-block-media-text__media\"><img loading=\"lazy\" decoding=\"async\" width=\"276\" height=\"276\" src=\"https:\/\/sites.unica.it\/fesc\/files\/2026\/03\/videogiochi_didattica.png\" alt=\"\" class=\"wp-image-1710 size-full\" srcset=\"https:\/\/sites.unica.it\/fesc\/files\/2026\/03\/videogiochi_didattica.png 276w, https:\/\/sites.unica.it\/fesc\/files\/2026\/03\/videogiochi_didattica-150x150.png 150w\" sizes=\"auto, (max-width: 276px) 100vw, 276px\" \/><\/figure><div class=\"wp-block-media-text__content\">\n<p><strong>01\/04\/2026: Seminario Dottorale &#8220;Metodologie per<\/strong> <strong>l&#8217;utilizzo e la valutazione dei videogiochi per la didattica&#8221;<\/strong><\/p>\n\n\n\n<p><strong>Aula Loi<\/strong>, ore 15:30, Campus Sa Duchessa, via Is Mirrionis 1, Cagliari<\/p>\n\n\n\n<div class=\"wp-block-buttons is-horizontal is-content-justification-right is-layout-flex wp-container-core-buttons-is-layout-ff149477 wp-block-buttons-is-layout-flex\">\n<div class=\"wp-block-button has-custom-width wp-block-button__width-100\"><a class=\"wp-block-button__link has-text-align-center wp-element-button\" href=\"http:\/\/sites.unica.it\/fesc\/files\/2026\/03\/260401-Metodologie-per-lutilizzo-e-la-valutazione-dei-videogiochi-per-la-didattica.pdf\">Locandina<\/a><\/div>\n<\/div>\n<\/div><\/div>\n<\/details>\n<\/details>\n","protected":false},"excerpt":{"rendered":"","protected":false},"author":9406,"featured_media":0,"parent":102,"menu_order":0,"comment_status":"closed","ping_status":"closed","template":"","meta":{"footnotes":""},"class_list":["post-137","page","type-page","status-publish","hentry"],"_links":{"self":[{"href":"https:\/\/sites.unica.it\/fesc\/wp-json\/wp\/v2\/pages\/137","targetHints":{"allow":["GET"]}}],"collection":[{"href":"https:\/\/sites.unica.it\/fesc\/wp-json\/wp\/v2\/pages"}],"about":[{"href":"https:\/\/sites.unica.it\/fesc\/wp-json\/wp\/v2\/types\/page"}],"author":[{"embeddable":true,"href":"https:\/\/sites.unica.it\/fesc\/wp-json\/wp\/v2\/users\/9406"}],"replies":[{"embeddable":true,"href":"https:\/\/sites.unica.it\/fesc\/wp-json\/wp\/v2\/comments?post=137"}],"version-history":[{"count":67,"href":"https:\/\/sites.unica.it\/fesc\/wp-json\/wp\/v2\/pages\/137\/revisions"}],"predecessor-version":[{"id":1836,"href":"https:\/\/sites.unica.it\/fesc\/wp-json\/wp\/v2\/pages\/137\/revisions\/1836"}],"up":[{"embeddable":true,"href":"https:\/\/sites.unica.it\/fesc\/wp-json\/wp\/v2\/pages\/102"}],"wp:attachment":[{"href":"https:\/\/sites.unica.it\/fesc\/wp-json\/wp\/v2\/media?parent=137"}],"curies":[{"name":"wp","href":"https:\/\/api.w.org\/{rel}","templated":true}]}}